{"id":62482,"date":"2025-12-25T09:06:10","date_gmt":"2025-12-25T07:06:10","guid":{"rendered":"http:\/\/new.ceasuri.md\/shop\/uncategorized\/emporio-armani-federico-ar11621\/"},"modified":"2026-05-01T19:55:38","modified_gmt":"2026-05-01T16:55:38","slug":"emporio-armani-federico-ar11621","status":"publish","type":"product","link":"https:\/\/ceasuri.md\/ru\/shop\/branduri\/emporio-armani\/emporio-armani-federico-ar11621\/","title":{"rendered":"\u0427\u0430\u0441\u044b EMPORIO ARMANI FEDERICO AR11621"},"content":{"rendered":"<p>Ceasuri elegante pentru b\u0103rba\u021bi, care combin\u0103 designul clasic cu elegan\u021ba modern\u0103.<\/p>\n<p>Carcasa rotund\u0103 din o\u021bel inoxidabil cu diametrul de 41 mm arat\u0103 impresionant la \u00eencheietura m\u00e2inii, dar nu pare voluminoas\u0103.<\/p>\n<p>Aten\u021bia este atras\u0103 de cadranul verde, care contrasteaz\u0103 cu carcasa \u0219i br\u0103\u021bara din o\u021bel inoxidabil argintiu, ar\u0103t\u00e2nd deosebit de elegant. Acesta este protejat de un sticl\u0103 mineral\u0103 rezistent\u0103.<\/p>\n<p>Mecanismul precis cu cuar\u021b \u0219i indicator de dat\u0103 este practic \u00een via\u021ba de zi cu zi.<\/p>\n<p>Datorit\u0103 rezisten\u021bei la ap\u0103 de 5 bari, modelul este protejat \u00eempotriva ploii, stropilor \u0219i contactului scurt cu apa, dar nu este destinat \u00eenotului sau scufund\u0103rii.<\/p>\n<p>Bracetul argintiu din o\u021bel inoxidabil cu \u00eenchiz\u0103toare tip fluture se potrive\u0219te perfect \u0219i confortabil pe \u00eencheietura m\u00e2inii.<\/p>\n<p>Este un ceas universal, care se potrive\u0219te perfect at\u00e2t stilului business, c\u00e2t \u0219i \u021binutelor elegante de zi cu zi.<\/p>","protected":false},"excerpt":{"rendered":"<p>Ceasuri elegante pentru b\u0103rba\u021bi, care combin\u0103 designul clasic cu elegan\u021ba modern\u0103. Carcasa rotund\u0103 din o\u021bel inoxidabil cu diametrul de 41 mm arat\u0103 impresionant la \u00eencheietura m\u00e2inii, dar nu pare voluminoas\u0103. Aten\u021bia este atras\u0103 de cadranul verde, care contrasteaz\u0103 cu carcasa \u0219i br\u0103\u021bara din o\u021bel inoxidabil argintiu, ar\u0103t\u00e2nd deosebit de elegant. Acesta este protejat de un [&hellip;]<\/p>\n","protected":false},"featured_media":62483,"comment_status":"closed","ping_status":"open","template":"","meta":{"_acf_changed":false},"product_brand":[],"product_cat":[20,617],"product_tag":[],"class_list":{"0":"post-62482","1":"product","2":"type-product","3":"status-publish","4":"has-post-thumbnail","6":"product_cat-ceasuri-barbati","7":"product_cat-emporio-armani","8":"pa_brand-emporio-armani","9":"pa_braslet-otel-inoxidabil","10":"pa_corpus-41-mm","11":"pa_forma-rotund","12":"pa_funcii-data","13":"pa_garatia-24-luni","14":"pa_korpus-argintiu","15":"pa_kvarc-quartz","16":"pa_material-otel-inoxidabil","17":"pa_mehanizm-quartz","18":"pa_remeshok-argintiu","19":"pa_steklo-cristal-mineral","20":"pa_strana-italia","21":"pa_voda-5-atm","23":"first","24":"instock","25":"purchasable","26":"product-type-simple"},"acf":[],"_links":{"self":[{"href":"https:\/\/ceasuri.md\/ru\/wp-json\/wp\/v2\/product\/62482","targetHints":{"allow":["GET"]}}],"collection":[{"href":"https:\/\/ceasuri.md\/ru\/wp-json\/wp\/v2\/product"}],"about":[{"href":"https:\/\/ceasuri.md\/ru\/wp-json\/wp\/v2\/types\/product"}],"replies":[{"embeddable":true,"href":"https:\/\/ceasuri.md\/ru\/wp-json\/wp\/v2\/comments?post=62482"}],"wp:featuredmedia":[{"embeddable":true,"href":"https:\/\/ceasuri.md\/ru\/wp-json\/wp\/v2\/media\/62483"}],"wp:attachment":[{"href":"https:\/\/ceasuri.md\/ru\/wp-json\/wp\/v2\/media?parent=62482"}],"wp:term":[{"taxonomy":"product_brand","embeddable":true,"href":"https:\/\/ceasuri.md\/ru\/wp-json\/wp\/v2\/product_brand?post=62482"},{"taxonomy":"product_cat","embeddable":true,"href":"https:\/\/ceasuri.md\/ru\/wp-json\/wp\/v2\/product_cat?post=62482"},{"taxonomy":"product_tag","embeddable":true,"href":"https:\/\/ceasuri.md\/ru\/wp-json\/wp\/v2\/product_tag?post=62482"}],"curies":[{"name":"wp","href":"https:\/\/api.w.org\/{rel}","templated":true}]}}