{"id":41628,"date":"2026-04-02T21:48:40","date_gmt":"2026-04-02T18:48:40","guid":{"rendered":"http:\/\/new.ceasuri.md\/shop\/uncategorized\/anne-klein-trend-ak-1412rgwt\/"},"modified":"2026-04-20T00:03:19","modified_gmt":"2026-04-19T21:03:19","slug":"anne-klein-trend-ak-1412rgwt","status":"publish","type":"product","link":"https:\/\/ceasuri.md\/ru\/shop\/branduri\/anne-klein\/anne-klein-trend-ak-1412rgwt\/","title":{"rendered":"\u0427\u0430\u0441\u044b ANNE KLEIN TREND AK\/1412RGWT"},"content":{"rendered":"<p>Elegan\u021ba clasic\u0103 nu p\u0103le\u0219te niciodat\u0103, a\u0219a c\u0103 \u00een acest model produc\u0103torul a pus accentul pe forme simple, familiare \u0219i pe un decor rafinat. Acesta este modelul ideal pentru persoanele care sunt dedicate liniilor tradi\u021bionale.<\/p>\n<p>Cel mai universal accesoriu, care se va potrivi bine at\u00e2t \u00een situa\u021biile de zi cu zi, c\u00e2t \u0219i \u00een cele formale. Caracterul original \u0219i unic al ceasului este dat de mamaperla de pe cadran. Aceasta str\u0103luce\u0219te \u00een soare, prezent\u00e2nd o \u00eentreag\u0103 gam\u0103 de culori. Nu degeaba cadranele din madreperl\u0103 sunt considerate printre cele mai impresionante.<\/p>","protected":false},"excerpt":{"rendered":"<p>Elegan\u021ba clasic\u0103 nu p\u0103le\u0219te niciodat\u0103, a\u0219a c\u0103 \u00een acest model produc\u0103torul a pus accentul pe forme simple, familiare \u0219i pe un decor rafinat. Acesta este modelul ideal pentru persoanele care sunt dedicate liniilor tradi\u021bionale. Cel mai universal accesoriu, care se va potrivi bine at\u00e2t \u00een situa\u021biile de zi cu zi, c\u00e2t \u0219i \u00een cele formale. [&hellip;]<\/p>\n","protected":false},"featured_media":41629,"comment_status":"closed","ping_status":"open","template":"","meta":{"_acf_changed":false},"product_brand":[],"product_cat":[573,25],"product_tag":[],"class_list":{"0":"post-41628","1":"product","2":"type-product","3":"status-publish","4":"has-post-thumbnail","6":"product_cat-anne-klein","7":"product_cat-ceasuri-dama","8":"pa_brand-anne-klein","9":"pa_braslet-otel-inoxidabil","10":"pa_braslet-plastic","11":"pa_corpus-34-mm","12":"pa_forma-rotund","13":"pa_garatia-24-luni","14":"pa_korpus-roz-gold","15":"pa_kvarc-quartz","16":"pa_material-alama","17":"pa_mehanizm-quartz","18":"pa_remeshok-bicolor","19":"pa_steklo-cristal-mineral","20":"pa_strana-sua","21":"pa_voda-3-atm","23":"first","24":"instock","25":"purchasable","26":"product-type-simple"},"acf":[],"_links":{"self":[{"href":"https:\/\/ceasuri.md\/ru\/wp-json\/wp\/v2\/product\/41628","targetHints":{"allow":["GET"]}}],"collection":[{"href":"https:\/\/ceasuri.md\/ru\/wp-json\/wp\/v2\/product"}],"about":[{"href":"https:\/\/ceasuri.md\/ru\/wp-json\/wp\/v2\/types\/product"}],"replies":[{"embeddable":true,"href":"https:\/\/ceasuri.md\/ru\/wp-json\/wp\/v2\/comments?post=41628"}],"wp:featuredmedia":[{"embeddable":true,"href":"https:\/\/ceasuri.md\/ru\/wp-json\/wp\/v2\/media\/41629"}],"wp:attachment":[{"href":"https:\/\/ceasuri.md\/ru\/wp-json\/wp\/v2\/media?parent=41628"}],"wp:term":[{"taxonomy":"product_brand","embeddable":true,"href":"https:\/\/ceasuri.md\/ru\/wp-json\/wp\/v2\/product_brand?post=41628"},{"taxonomy":"product_cat","embeddable":true,"href":"https:\/\/ceasuri.md\/ru\/wp-json\/wp\/v2\/product_cat?post=41628"},{"taxonomy":"product_tag","embeddable":true,"href":"https:\/\/ceasuri.md\/ru\/wp-json\/wp\/v2\/product_tag?post=41628"}],"curies":[{"name":"wp","href":"https:\/\/api.w.org\/{rel}","templated":true}]}}