{"id":41394,"date":"2026-04-02T21:47:13","date_gmt":"2026-04-02T18:47:13","guid":{"rendered":"http:\/\/new.ceasuri.md\/shop\/uncategorized\/anne-klein-ceramic-ceramic-ak-1018rgmv\/"},"modified":"2026-04-20T00:03:09","modified_gmt":"2026-04-19T21:03:09","slug":"anne-klein-ceramic-ceramic-ak-1018rgmv","status":"publish","type":"product","link":"https:\/\/ceasuri.md\/ru\/shop\/branduri\/anne-klein\/anne-klein-ceramic-ceramic-ak-1018rgmv\/","title":{"rendered":"\u0427\u0430\u0441\u044b ANNE KLEIN CERAMIC CERAMIC AK\/1018RGMV"},"content":{"rendered":"<p>Un accesoriu feminin \u00eenc\u00e2nt\u0103tor \u00een stilul minimalismului rafinat.<\/p>\n<p>Culoarea principal\u0103 a \u00eentregului model este violet rafinat. Cadranul din nuc\u0103 de perle mov este decorat cu un diamant.<\/p>\n<p>Carcasa este fabricat\u0103 din metal placat cu aur roz, cu un luneta ceramic sub sticl\u0103.<\/p>\n<p>Br\u0103\u021bara este realizat\u0103 \u00een \u00eentregime din ceramic\u0103.<\/p>\n<p>Este posibil\u0103 ajustarea rapid\u0103 a volumului br\u0103\u021b\u0103rii ceasului pe \u00eencheietura m\u00e2inii cu ajutorul pieselor deta\u0219abile ale br\u0103\u021b\u0103rii.<\/p>\n<p>Mi\u0219care japonez\u0103 cu cuar\u021b.<\/p>","protected":false},"excerpt":{"rendered":"<p>Un accesoriu feminin \u00eenc\u00e2nt\u0103tor \u00een stilul minimalismului rafinat. Culoarea principal\u0103 a \u00eentregului model este violet rafinat. Cadranul din nuc\u0103 de perle mov este decorat cu un diamant. Carcasa este fabricat\u0103 din metal placat cu aur roz, cu un luneta ceramic sub sticl\u0103. Br\u0103\u021bara este realizat\u0103 \u00een \u00eentregime din ceramic\u0103. Este posibil\u0103 ajustarea rapid\u0103 a volumului [&hellip;]<\/p>\n","protected":false},"featured_media":41395,"comment_status":"closed","ping_status":"open","template":"","meta":{"_acf_changed":false},"product_brand":[],"product_cat":[573,25],"product_tag":[],"class_list":{"0":"post-41394","1":"product","2":"type-product","3":"status-publish","4":"has-post-thumbnail","6":"product_cat-anne-klein","7":"product_cat-ceasuri-dama","8":"pa_brand-anne-klein","9":"pa_braslet-ceramica","10":"pa_corpus-33-mm","11":"pa_decor-diamante","12":"pa_forma-rotund","13":"pa_garatia-24-luni","14":"pa_korpus-roz-gold","15":"pa_kvarc-quartz","16":"pa_material-alama","17":"pa_mehanizm-quartz","18":"pa_remeshok-violet","19":"pa_steklo-cristal-mineral","20":"pa_strana-sua","21":"pa_voda-3-atm","23":"first","24":"instock","25":"purchasable","26":"product-type-simple"},"acf":[],"_links":{"self":[{"href":"https:\/\/ceasuri.md\/ru\/wp-json\/wp\/v2\/product\/41394","targetHints":{"allow":["GET"]}}],"collection":[{"href":"https:\/\/ceasuri.md\/ru\/wp-json\/wp\/v2\/product"}],"about":[{"href":"https:\/\/ceasuri.md\/ru\/wp-json\/wp\/v2\/types\/product"}],"replies":[{"embeddable":true,"href":"https:\/\/ceasuri.md\/ru\/wp-json\/wp\/v2\/comments?post=41394"}],"wp:featuredmedia":[{"embeddable":true,"href":"https:\/\/ceasuri.md\/ru\/wp-json\/wp\/v2\/media\/41395"}],"wp:attachment":[{"href":"https:\/\/ceasuri.md\/ru\/wp-json\/wp\/v2\/media?parent=41394"}],"wp:term":[{"taxonomy":"product_brand","embeddable":true,"href":"https:\/\/ceasuri.md\/ru\/wp-json\/wp\/v2\/product_brand?post=41394"},{"taxonomy":"product_cat","embeddable":true,"href":"https:\/\/ceasuri.md\/ru\/wp-json\/wp\/v2\/product_cat?post=41394"},{"taxonomy":"product_tag","embeddable":true,"href":"https:\/\/ceasuri.md\/ru\/wp-json\/wp\/v2\/product_tag?post=41394"}],"curies":[{"name":"wp","href":"https:\/\/api.w.org\/{rel}","templated":true}]}}